{"id":112,"date":"2022-11-30T14:58:38","date_gmt":"2022-11-30T14:58:38","guid":{"rendered":"https:\/\/www.sbs-disentis-zurich.ch\/schule\/"},"modified":"2024-11-19T12:20:30","modified_gmt":"2024-11-19T12:20:30","slug":"schule","status":"publish","type":"page","link":"https:\/\/www.sbs-disentis-zurich.ch\/de\/schule\/","title":{"rendered":"Schule"},"content":{"rendered":"<p><div class=\"fusion-fullwidth fullwidth-box fusion-builder-row-1 fusion-flex-container has-pattern-background has-mask-background nonhundred-percent-fullwidth non-hundred-percent-height-scrolling\" style=\"--awb-border-radius-top-left:0px;--awb-border-radius-top-right:0px;--awb-border-radius-bottom-right:0px;--awb-border-radius-bottom-left:0px;--awb-padding-top:30px;--awb-flex-wrap:wrap;\" ><div class=\"fusion-builder-row fusion-row fusion-flex-align-items-flex-start fusion-flex-content-wrap\" style=\"max-width:calc( 1200px + 20px );margin-left: calc(-20px \/ 2 );margin-right: calc(-20px \/ 2 );\"><div class=\"fusion-layout-column fusion_builder_column fusion-builder-column-0 fusion_builder_column_1_1 1_1 fusion-flex-column\" style=\"--awb-bg-size:cover;--awb-width-large:100%;--awb-margin-top-large:0px;--awb-spacing-right-large:10px;--awb-margin-bottom-large:0px;--awb-spacing-left-large:10px;--awb-width-medium:100%;--awb-spacing-right-medium:10px;--awb-spacing-left-medium:10px;--awb-width-small:100%;--awb-spacing-right-small:10px;--awb-spacing-left-small:10px;\"><div class=\"fusion-column-wrapper fusion-flex-justify-content-flex-start fusion-content-layout-column\"><div class=\"fusion-title title fusion-title-1 fusion-sep-none fusion-title-text fusion-title-size-one\"><h1 class=\"fusion-title-heading title-heading-left fusion-responsive-typography-calculated\" style=\"margin:0;--fontSize:36;line-height:var(--awb-typography1-line-height);\">N\u00e4chstes Ziel Uni? Mit International A Levels garantiert.<\/h1><\/div><div class=\"fusion-text fusion-text-1\"><p>Die International A Levels sind das Eintrittsticket f\u00fcr die besten Universit\u00e4ten der Welt. Die Jugendlichen fokussieren sich nach zwei Jahren Allgemeinbildung auf die Themen, die sie wirklich interessieren \u2013 und bereiten sich so gezielt auf ein Hochschulstudium vor, das ihren St\u00e4rken entspricht. In kleinen Klassen und einer famili\u00e4ren Atmosph\u00e4re sorgen wir daf\u00fcr, dass die Jugendlichen mit Freude und Wissbegier lernen und ihre fachlichen St\u00e4rken sowie ihre Pers\u00f6nlichkeit optimal entwickeln.<\/p>\n<p>Der Tagesablauf im Internat ist klar strukturiert, und Ihre Tochter, Ihr Sohn\u00a0wird von uns eng begleitet. Mit einem attraktiven, campusspezifischen Freifach- und Freizeitangebot schaffen wir gen\u00fcgend Ausgleich und f\u00f6rdern die Gemeinschaft. Unterrichtssprache ist vorwiegend Englisch, Umgangssprachen sind Deutsch und Englisch, weitere Sprachen k\u00f6nnen im Unterricht belegt werden.<\/p>\n<\/div><\/div><\/div><\/div><\/div><div class=\"fusion-fullwidth fullwidth-box fusion-builder-row-2 fusion-flex-container has-pattern-background has-mask-background nonhundred-percent-fullwidth non-hundred-percent-height-scrolling\" style=\"--awb-border-radius-top-left:0px;--awb-border-radius-top-right:0px;--awb-border-radius-bottom-right:0px;--awb-border-radius-bottom-left:0px;--awb-flex-wrap:wrap;\" ><div class=\"fusion-builder-row fusion-row fusion-flex-align-items-flex-start fusion-flex-content-wrap\" style=\"max-width:calc( 1200px + 20px );margin-left: calc(-20px \/ 2 );margin-right: calc(-20px \/ 2 );\"><div class=\"fusion-layout-column fusion_builder_column fusion-builder-column-1 fusion_builder_column_1_3 1_3 fusion-flex-column\" style=\"--awb-bg-size:cover;--awb-width-large:33.333333333333%;--awb-margin-top-large:0px;--awb-spacing-right-large:10px;--awb-margin-bottom-large:20px;--awb-spacing-left-large:10px;--awb-width-medium:33.333333333333%;--awb-order-medium:0;--awb-spacing-right-medium:10px;--awb-spacing-left-medium:10px;--awb-width-small:100%;--awb-order-small:0;--awb-spacing-right-small:10px;--awb-spacing-left-small:10px;\"><div class=\"fusion-column-wrapper fusion-column-has-shadow fusion-flex-justify-content-flex-start fusion-content-layout-column\"><div class=\"jag-himg-wrapper HuOImaoihF \">\t<div class=\"jag-hoverimage-card  jag-himg-s1  jag-title-default jag-himg-e4\" onclick=\"\">\n\t\t\n\t\t\t\t\t<a class=\"jag-wrapper-link\" href=https:\/\/www.sbs-disentis-zurich.ch\/de\/schule\/the-choice-is-yours\/>\n\t\t\t\t\t\t<img decoding=\"async\" src=\"https:\/\/www.sbs-disentis-zurich.ch\/wp-content\/uploads\/schule_choice_is_yours_1000x1000.jpg\" class=\"jag_fimg_main\">\n\t\t\t\n            \n\t\t\t<div class=\"jag-hoverimage-overlay\"><\/div>\n\t\t\t\n\t\t\t\t\t\t\n\t\t\t<div class=\"jag-hover-content-wrapper\">\n\t\t\t\t<div class=\"jag-hoverimage-content jag-align-left jag-align-bottom\">\n\t\t\t\t\t\t\t\t\t\t\t<div class=\"clearfix\"><\/div>\n\t\t\t\t\t\t<div class=\"jag-hoverimage-title\">\n\t\t\t\t\t\t\tThe choice is yours \t\t\t\t\t\t<\/div>\n\t\t\t\t\t\t\t\t\t\t<div class=\"jag-title-default-wrapper\">\n\t\t\t\t\t\t\t\t\t\t\t\t<div class=\"clearfix\"><\/div>\n\t\t\t\t\t\t\t<div class=\"jag-hoverimage-short-desc\">\n\t\t\t\t\t\t\t\t\n<p>Bei den Swiss Boarding Schools Disentis &amp; Zurich haben Sie in gleich mehrfacher Hinsicht die Wahl.<\/p>\n\t\t\t\t\t\t\t<\/div>\n\t\t\t\t\t\t\t\t\t\t\t\t\t<div class=\"clearfix\"><\/div>\n\t\t\t\t\t\t\t<div class=\"jag-himg-readmore-wrapper\">\n\t\t\t\t\t\t\t\t\t\t\t\t\t\t\t\t\t<span class=\"jag-himg-readmore jag-btn-medium jag-btn-fill\">\n\t\t\t\t\t\t\t\t\t\t\t\t\t\t\t\t\t\t\t\t\t\t\t\t\tMehr erfahren\t\t\t\t\t\t\t\t\t\t\t\t\t\t\t\t\t\t\t\t\t\t\t\t\t<\/span>\n\t\t\t\t\t\t\t\t\t\t\t\t\t\t\t<\/div>\n\t\t\t\t\t\t\t\t\t\t\t<\/div>\n\t\t\t\t\t\t\t\t\t<\/div>\n\t\t\t<\/div>\n\t\t\t\t\t<\/a>\n\t\t\t<\/div>\n\t<\/div><\/div><\/div><div class=\"fusion-layout-column fusion_builder_column fusion-builder-column-2 fusion_builder_column_1_3 1_3 fusion-flex-column\" style=\"--awb-bg-size:cover;--awb-width-large:33.333333333333%;--awb-margin-top-large:0px;--awb-spacing-right-large:10px;--awb-margin-bottom-large:20px;--awb-spacing-left-large:10px;--awb-width-medium:33.333333333333%;--awb-order-medium:0;--awb-spacing-right-medium:10px;--awb-spacing-left-medium:10px;--awb-width-small:100%;--awb-order-small:0;--awb-spacing-right-small:10px;--awb-spacing-left-small:10px;\"><div class=\"fusion-column-wrapper fusion-column-has-shadow fusion-flex-justify-content-flex-start fusion-content-layout-column\"><div class=\"jag-himg-wrapper jUWfOsTDBM \">\t<div class=\"jag-hoverimage-card  jag-himg-s1  jag-title-default jag-himg-e4\" onclick=\"\">\n\t\t\n\t\t\t\t\t<a class=\"jag-wrapper-link\" href=https:\/\/www.sbs-disentis-zurich.ch\/de\/schule\/igcse\/>\n\t\t\t\t\t\t<img decoding=\"async\" src=\"https:\/\/www.sbs-disentis-zurich.ch\/wp-content\/uploads\/schule_igcse_1000x1000.jpg\" class=\"jag_fimg_main\">\n\t\t\t\n            \n\t\t\t<div class=\"jag-hoverimage-overlay\"><\/div>\n\t\t\t\n\t\t\t\t\t\t\n\t\t\t<div class=\"jag-hover-content-wrapper\">\n\t\t\t\t<div class=\"jag-hoverimage-content jag-align-left jag-align-bottom\">\n\t\t\t\t\t\t\t\t\t\t\t<div class=\"clearfix\"><\/div>\n\t\t\t\t\t\t<div class=\"jag-hoverimage-title\">\n\t\t\t\t\t\t\tIGCSE\t\t\t\t\t\t<\/div>\n\t\t\t\t\t\t\t\t\t\t<div class=\"jag-title-default-wrapper\">\n\t\t\t\t\t\t\t\t\t\t\t\t<div class=\"clearfix\"><\/div>\n\t\t\t\t\t\t\t<div class=\"jag-hoverimage-short-desc\">\n\t\t\t\t\t\t\t\t\n<p>Im 9. und 10. Schuljahr legen die Sch\u00fclerinnen und Sch\u00fcler das Fundament mit einer breiten Allgemeinbildung.<\/p>\n\t\t\t\t\t\t\t<\/div>\n\t\t\t\t\t\t\t\t\t\t\t\t\t<div class=\"clearfix\"><\/div>\n\t\t\t\t\t\t\t<div class=\"jag-himg-readmore-wrapper\">\n\t\t\t\t\t\t\t\t\t\t\t\t\t\t\t\t\t<span class=\"jag-himg-readmore jag-btn-medium jag-btn-fill\">\n\t\t\t\t\t\t\t\t\t\t\t\t\t\t\t\t\t\t\t\t\t\t\t\t\tMehr erfahren\t\t\t\t\t\t\t\t\t\t\t\t\t\t\t\t\t\t\t\t\t\t\t\t\t<\/span>\n\t\t\t\t\t\t\t\t\t\t\t\t\t\t\t<\/div>\n\t\t\t\t\t\t\t\t\t\t\t<\/div>\n\t\t\t\t\t\t\t\t\t<\/div>\n\t\t\t<\/div>\n\t\t\t\t\t<\/a>\n\t\t\t<\/div>\n\t<\/div><\/div><\/div><div class=\"fusion-layout-column fusion_builder_column fusion-builder-column-3 fusion_builder_column_1_3 1_3 fusion-flex-column\" style=\"--awb-bg-size:cover;--awb-width-large:33.333333333333%;--awb-margin-top-large:0px;--awb-spacing-right-large:10px;--awb-margin-bottom-large:20px;--awb-spacing-left-large:10px;--awb-width-medium:33.333333333333%;--awb-order-medium:0;--awb-spacing-right-medium:10px;--awb-spacing-left-medium:10px;--awb-width-small:100%;--awb-order-small:0;--awb-spacing-right-small:10px;--awb-spacing-left-small:10px;\"><div class=\"fusion-column-wrapper fusion-column-has-shadow fusion-flex-justify-content-flex-start fusion-content-layout-column\"><div class=\"jag-himg-wrapper IzkalGRVgU \">\t<div class=\"jag-hoverimage-card  jag-himg-s1  jag-title-default jag-himg-e4\" onclick=\"\">\n\t\t\n\t\t\t\t\t<a class=\"jag-wrapper-link\" href=https:\/\/www.sbs-disentis-zurich.ch\/de\/schule\/international-a-levels\/>\n\t\t\t\t\t\t<img decoding=\"async\" src=\"https:\/\/www.sbs-disentis-zurich.ch\/wp-content\/uploads\/schule_international_a_levels_1000x1000.jpg\" class=\"jag_fimg_main\">\n\t\t\t\n            \n\t\t\t<div class=\"jag-hoverimage-overlay\"><\/div>\n\t\t\t\n\t\t\t\t\t\t\n\t\t\t<div class=\"jag-hover-content-wrapper\">\n\t\t\t\t<div class=\"jag-hoverimage-content jag-align-left jag-align-bottom\">\n\t\t\t\t\t\t\t\t\t\t\t<div class=\"clearfix\"><\/div>\n\t\t\t\t\t\t<div class=\"jag-hoverimage-title\">\n\t\t\t\t\t\t\tInternational A Levels\t\t\t\t\t\t<\/div>\n\t\t\t\t\t\t\t\t\t\t<div class=\"jag-title-default-wrapper\">\n\t\t\t\t\t\t\t\t\t\t\t\t<div class=\"clearfix\"><\/div>\n\t\t\t\t\t\t\t<div class=\"jag-hoverimage-short-desc\">\n\t\t\t\t\t\t\t\t\n<p>Im 11. und 12. Schuljahr fokussieren sich die Sch\u00fclerinnen und Sch\u00fcler auf ihre individuellen St\u00e4rken.<\/p>\n\t\t\t\t\t\t\t<\/div>\n\t\t\t\t\t\t\t\t\t\t\t\t\t<div class=\"clearfix\"><\/div>\n\t\t\t\t\t\t\t<div class=\"jag-himg-readmore-wrapper\">\n\t\t\t\t\t\t\t\t\t\t\t\t\t\t\t\t\t<span class=\"jag-himg-readmore jag-btn-medium jag-btn-fill\">\n\t\t\t\t\t\t\t\t\t\t\t\t\t\t\t\t\t\t\t\t\t\t\t\t\tMehr erfahren\t\t\t\t\t\t\t\t\t\t\t\t\t\t\t\t\t\t\t\t\t\t\t\t\t<\/span>\n\t\t\t\t\t\t\t\t\t\t\t\t\t\t\t<\/div>\n\t\t\t\t\t\t\t\t\t\t\t<\/div>\n\t\t\t\t\t\t\t\t\t<\/div>\n\t\t\t<\/div>\n\t\t\t\t\t<\/a>\n\t\t\t<\/div>\n\t<\/div><\/div><\/div><div class=\"fusion-layout-column fusion_builder_column fusion-builder-column-4 fusion_builder_column_1_3 1_3 fusion-flex-column\" style=\"--awb-bg-size:cover;--awb-width-large:33.333333333333%;--awb-margin-top-large:0px;--awb-spacing-right-large:10px;--awb-margin-bottom-large:20px;--awb-spacing-left-large:10px;--awb-width-medium:33.333333333333%;--awb-order-medium:0;--awb-spacing-right-medium:10px;--awb-spacing-left-medium:10px;--awb-width-small:100%;--awb-order-small:0;--awb-spacing-right-small:10px;--awb-spacing-left-small:10px;\"><div class=\"fusion-column-wrapper fusion-column-has-shadow fusion-flex-justify-content-flex-start fusion-content-layout-column\"><div class=\"jag-himg-wrapper GPVHDJFvMY \">\t<div class=\"jag-hoverimage-card  jag-himg-s1  jag-title-default jag-himg-e4\" onclick=\"\">\n\t\t\n\t\t\t\t\t<a class=\"jag-wrapper-link\" href=https:\/\/www.sbs-disentis-zurich.ch\/de\/schule\/sport-dance-music-academy\/>\n\t\t\t\t\t\t<img decoding=\"async\" src=\"https:\/\/www.sbs-disentis-zurich.ch\/wp-content\/uploads\/SBSDZ_Tanz.jpg\" class=\"jag_fimg_main\">\n\t\t\t\n            \n\t\t\t<div class=\"jag-hoverimage-overlay\"><\/div>\n\t\t\t\n\t\t\t\t\t\t\n\t\t\t<div class=\"jag-hover-content-wrapper\">\n\t\t\t\t<div class=\"jag-hoverimage-content jag-align-left jag-align-bottom\">\n\t\t\t\t\t\t\t\t\t\t\t<div class=\"clearfix\"><\/div>\n\t\t\t\t\t\t<div class=\"jag-hoverimage-title\">\n\t\t\t\t\t\t\tSport, Dance &amp; Music Academy\t\t\t\t\t\t<\/div>\n\t\t\t\t\t\t\t\t\t\t<div class=\"jag-title-default-wrapper\">\n\t\t\t\t\t\t\t\t\t\t\t\t<div class=\"clearfix\"><\/div>\n\t\t\t\t\t\t\t<div class=\"jag-hoverimage-short-desc\">\n\t\t\t\t\t\t\t\t\n<p>Wir f\u00f6rdern gezielt Talente.<\/p>\n\t\t\t\t\t\t\t<\/div>\n\t\t\t\t\t\t\t\t\t\t\t\t\t<div class=\"clearfix\"><\/div>\n\t\t\t\t\t\t\t<div class=\"jag-himg-readmore-wrapper\">\n\t\t\t\t\t\t\t\t\t\t\t\t\t\t\t\t\t<span class=\"jag-himg-readmore jag-btn-medium jag-btn-fill\">\n\t\t\t\t\t\t\t\t\t\t\t\t\t\t\t\t\t\t\t\t\t\t\t\t\tMehr erfahren\t\t\t\t\t\t\t\t\t\t\t\t\t\t\t\t\t\t\t\t\t\t\t\t\t<\/span>\n\t\t\t\t\t\t\t\t\t\t\t\t\t\t\t<\/div>\n\t\t\t\t\t\t\t\t\t\t\t<\/div>\n\t\t\t\t\t\t\t\t\t<\/div>\n\t\t\t<\/div>\n\t\t\t\t\t<\/a>\n\t\t\t<\/div>\n\t<\/div><\/div><\/div><div class=\"fusion-layout-column fusion_builder_column fusion-builder-column-5 fusion_builder_column_1_3 1_3 fusion-flex-column\" style=\"--awb-bg-size:cover;--awb-width-large:33.333333333333%;--awb-margin-top-large:0px;--awb-spacing-right-large:10px;--awb-margin-bottom-large:20px;--awb-spacing-left-large:10px;--awb-width-medium:33.333333333333%;--awb-order-medium:0;--awb-spacing-right-medium:10px;--awb-spacing-left-medium:10px;--awb-width-small:100%;--awb-order-small:0;--awb-spacing-right-small:10px;--awb-spacing-left-small:10px;\"><div class=\"fusion-column-wrapper fusion-column-has-shadow fusion-flex-justify-content-flex-start fusion-content-layout-column\"><div class=\"jag-himg-wrapper BeKQfRuehO \">\t<div class=\"jag-hoverimage-card  jag-himg-s1  jag-title-default jag-himg-e4\" onclick=\"\">\n\t\t\n\t\t\t\t\t<a class=\"jag-wrapper-link\" href=https:\/\/www.sbs-disentis-zurich.ch\/de\/schule\/pruefungen\/>\n\t\t\t\t\t\t<img decoding=\"async\" src=\"https:\/\/www.sbs-disentis-zurich.ch\/wp-content\/uploads\/schule_pruefungen_1000x1000.jpg\" class=\"jag_fimg_main\">\n\t\t\t\n            \n\t\t\t<div class=\"jag-hoverimage-overlay\"><\/div>\n\t\t\t\n\t\t\t\t\t\t\n\t\t\t<div class=\"jag-hover-content-wrapper\">\n\t\t\t\t<div class=\"jag-hoverimage-content jag-align-left jag-align-bottom\">\n\t\t\t\t\t\t\t\t\t\t\t<div class=\"clearfix\"><\/div>\n\t\t\t\t\t\t<div class=\"jag-hoverimage-title\">\n\t\t\t\t\t\t\tPr\u00fcfungen\t\t\t\t\t\t<\/div>\n\t\t\t\t\t\t\t\t\t\t<div class=\"jag-title-default-wrapper\">\n\t\t\t\t\t\t\t\t\t\t\t\t<div class=\"clearfix\"><\/div>\n\t\t\t\t\t\t\t<div class=\"jag-hoverimage-short-desc\">\n\t\t\t\t\t\t\t\t\n<p>Ein Pr\u00fcfungssystem, das die individuelle Entwicklung ber\u00fccksichtigt und die St\u00e4rken des Einzelnen betont.<\/p>\n\t\t\t\t\t\t\t<\/div>\n\t\t\t\t\t\t\t\t\t\t\t\t\t<div class=\"clearfix\"><\/div>\n\t\t\t\t\t\t\t<div class=\"jag-himg-readmore-wrapper\">\n\t\t\t\t\t\t\t\t\t\t\t\t\t\t\t\t\t<span class=\"jag-himg-readmore jag-btn-medium jag-btn-fill\">\n\t\t\t\t\t\t\t\t\t\t\t\t\t\t\t\t\t\t\t\t\t\t\t\t\tMehr erfahren\t\t\t\t\t\t\t\t\t\t\t\t\t\t\t\t\t\t\t\t\t\t\t\t\t<\/span>\n\t\t\t\t\t\t\t\t\t\t\t\t\t\t\t<\/div>\n\t\t\t\t\t\t\t\t\t\t\t<\/div>\n\t\t\t\t\t\t\t\t\t<\/div>\n\t\t\t<\/div>\n\t\t\t\t\t<\/a>\n\t\t\t<\/div>\n\t<\/div><\/div><\/div><div class=\"fusion-layout-column fusion_builder_column fusion-builder-column-6 fusion_builder_column_1_3 1_3 fusion-flex-column\" style=\"--awb-bg-size:cover;--awb-width-large:33.333333333333%;--awb-margin-top-large:0px;--awb-spacing-right-large:10px;--awb-margin-bottom-large:20px;--awb-spacing-left-large:10px;--awb-width-medium:33.333333333333%;--awb-order-medium:0;--awb-spacing-right-medium:10px;--awb-spacing-left-medium:10px;--awb-width-small:100%;--awb-order-small:0;--awb-spacing-right-small:10px;--awb-spacing-left-small:10px;\"><div class=\"fusion-column-wrapper fusion-column-has-shadow fusion-flex-justify-content-flex-start fusion-content-layout-column\"><div class=\"jag-himg-wrapper lXHnkVtkFl \">\t<div class=\"jag-hoverimage-card  jag-himg-s1  jag-title-default jag-himg-e4\" onclick=\"\">\n\t\t\n\t\t\t\t\t<a class=\"jag-wrapper-link\" href=https:\/\/www.sbs-disentis-zurich.ch\/de\/schule\/nach-abschluss\/>\n\t\t\t\t\t\t<img decoding=\"async\" src=\"https:\/\/www.sbs-disentis-zurich.ch\/wp-content\/uploads\/schule_nach_abschluss_1000x1000.jpg\" class=\"jag_fimg_main\">\n\t\t\t\n            \n\t\t\t<div class=\"jag-hoverimage-overlay\"><\/div>\n\t\t\t\n\t\t\t\t\t\t\n\t\t\t<div class=\"jag-hover-content-wrapper\">\n\t\t\t\t<div class=\"jag-hoverimage-content jag-align-left jag-align-bottom\">\n\t\t\t\t\t\t\t\t\t\t\t<div class=\"clearfix\"><\/div>\n\t\t\t\t\t\t<div class=\"jag-hoverimage-title\">\n\t\t\t\t\t\t\tNach dem Abschluss\t\t\t\t\t\t<\/div>\n\t\t\t\t\t\t\t\t\t\t<div class=\"jag-title-default-wrapper\">\n\t\t\t\t\t\t\t\t\t\t\t\t<div class=\"clearfix\"><\/div>\n\t\t\t\t\t\t\t<div class=\"jag-hoverimage-short-desc\">\n\t\t\t\t\t\t\t\t\n<p>Mit International A Levels an die besten Universit\u00e4ten weltweit.<\/p>\n\t\t\t\t\t\t\t<\/div>\n\t\t\t\t\t\t\t\t\t\t\t\t\t<div class=\"clearfix\"><\/div>\n\t\t\t\t\t\t\t<div class=\"jag-himg-readmore-wrapper\">\n\t\t\t\t\t\t\t\t\t\t\t\t\t\t\t\t\t<span class=\"jag-himg-readmore jag-btn-medium jag-btn-fill\">\n\t\t\t\t\t\t\t\t\t\t\t\t\t\t\t\t\t\t\t\t\t\t\t\t\tMehr erfahren\t\t\t\t\t\t\t\t\t\t\t\t\t\t\t\t\t\t\t\t\t\t\t\t\t<\/span>\n\t\t\t\t\t\t\t\t\t\t\t\t\t\t\t<\/div>\n\t\t\t\t\t\t\t\t\t\t\t<\/div>\n\t\t\t\t\t\t\t\t\t<\/div>\n\t\t\t<\/div>\n\t\t\t\t\t<\/a>\n\t\t\t<\/div>\n\t<\/div><\/div><\/div><\/div><\/div><\/p>\n","protected":false},"excerpt":{"rendered":"","protected":false},"author":1,"featured_media":0,"parent":0,"menu_order":0,"comment_status":"closed","ping_status":"closed","template":"100-width.php","meta":{"_acf_changed":false,"footnotes":""},"class_list":["post-112","page","type-page","status-publish","hentry"],"acf":[],"yoast_head":"<!-- This site is optimized with the Yoast SEO plugin v23.7 - https:\/\/yoast.com\/wordpress\/plugins\/seo\/ -->\n<title>Schule - Swiss Boarding Schools Disentis &amp; Zurich<\/title>\n<meta name=\"robots\" content=\"index, follow, max-snippet:-1, max-image-preview:large, max-video-preview:-1\" \/>\n<link rel=\"canonical\" href=\"https:\/\/www.sbs-disentis-zurich.ch\/de\/schule\/\" \/>\n<meta property=\"og:locale\" content=\"de_DE\" \/>\n<meta property=\"og:type\" content=\"article\" \/>\n<meta property=\"og:title\" content=\"Schule - Swiss Boarding Schools Disentis &amp; Zurich\" \/>\n<meta property=\"og:url\" content=\"https:\/\/www.sbs-disentis-zurich.ch\/de\/schule\/\" \/>\n<meta property=\"og:site_name\" content=\"Swiss Boarding Schools Disentis &amp; Zurich\" \/>\n<meta property=\"article:modified_time\" content=\"2024-11-19T12:20:30+00:00\" \/>\n<meta name=\"twitter:card\" content=\"summary_large_image\" \/>\n<meta name=\"twitter:label1\" content=\"Gesch\u00e4tzte Lesezeit\" \/>\n\t<meta name=\"twitter:data1\" content=\"3\u00a0Minuten\" \/>\n<script type=\"application\/ld+json\" class=\"yoast-schema-graph\">{\"@context\":\"https:\/\/schema.org\",\"@graph\":[{\"@type\":\"WebPage\",\"@id\":\"https:\/\/www.sbs-disentis-zurich.ch\/de\/schule\/\",\"url\":\"https:\/\/www.sbs-disentis-zurich.ch\/de\/schule\/\",\"name\":\"Schule - Swiss Boarding Schools Disentis &amp; Zurich\",\"isPartOf\":{\"@id\":\"https:\/\/www.sbs-disentis-zurich.ch\/#website\"},\"datePublished\":\"2022-11-30T14:58:38+00:00\",\"dateModified\":\"2024-11-19T12:20:30+00:00\",\"breadcrumb\":{\"@id\":\"https:\/\/www.sbs-disentis-zurich.ch\/de\/schule\/#breadcrumb\"},\"inLanguage\":\"de\",\"potentialAction\":[{\"@type\":\"ReadAction\",\"target\":[\"https:\/\/www.sbs-disentis-zurich.ch\/de\/schule\/\"]}]},{\"@type\":\"BreadcrumbList\",\"@id\":\"https:\/\/www.sbs-disentis-zurich.ch\/de\/schule\/#breadcrumb\",\"itemListElement\":[{\"@type\":\"ListItem\",\"position\":1,\"name\":\"Home\",\"item\":\"https:\/\/www.sbs-disentis-zurich.ch\/de\/\"},{\"@type\":\"ListItem\",\"position\":2,\"name\":\"Schule\"}]},{\"@type\":\"WebSite\",\"@id\":\"https:\/\/www.sbs-disentis-zurich.ch\/#website\",\"url\":\"https:\/\/www.sbs-disentis-zurich.ch\/\",\"name\":\"Swiss Boarding Schools Disentis & Zurich\",\"description\":\"\",\"publisher\":{\"@id\":\"https:\/\/www.sbs-disentis-zurich.ch\/#organization\"},\"potentialAction\":[{\"@type\":\"SearchAction\",\"target\":{\"@type\":\"EntryPoint\",\"urlTemplate\":\"https:\/\/www.sbs-disentis-zurich.ch\/?s={search_term_string}\"},\"query-input\":{\"@type\":\"PropertyValueSpecification\",\"valueRequired\":true,\"valueName\":\"search_term_string\"}}],\"inLanguage\":\"de\"},{\"@type\":\"Organization\",\"@id\":\"https:\/\/www.sbs-disentis-zurich.ch\/#organization\",\"name\":\"Swiss Boarding Schools Disentis &; Zurich\",\"url\":\"https:\/\/www.sbs-disentis-zurich.ch\/\",\"logo\":{\"@type\":\"ImageObject\",\"inLanguage\":\"de\",\"@id\":\"https:\/\/www.sbs-disentis-zurich.ch\/#\/schema\/logo\/image\/\",\"url\":\"https:\/\/www.sbs-disentis-zurich.ch\/wp-content\/uploads\/sbsdz-2x.png\",\"contentUrl\":\"https:\/\/www.sbs-disentis-zurich.ch\/wp-content\/uploads\/sbsdz-2x.png\",\"width\":520,\"height\":112,\"caption\":\"Swiss Boarding Schools Disentis &; Zurich\"},\"image\":{\"@id\":\"https:\/\/www.sbs-disentis-zurich.ch\/#\/schema\/logo\/image\/\"}}]}<\/script>\n<!-- \/ Yoast SEO plugin. -->","yoast_head_json":{"title":"Schule - Swiss Boarding Schools Disentis &amp; Zurich","robots":{"index":"index","follow":"follow","max-snippet":"max-snippet:-1","max-image-preview":"max-image-preview:large","max-video-preview":"max-video-preview:-1"},"canonical":"https:\/\/www.sbs-disentis-zurich.ch\/de\/schule\/","og_locale":"de_DE","og_type":"article","og_title":"Schule - Swiss Boarding Schools Disentis &amp; Zurich","og_url":"https:\/\/www.sbs-disentis-zurich.ch\/de\/schule\/","og_site_name":"Swiss Boarding Schools Disentis &amp; Zurich","article_modified_time":"2024-11-19T12:20:30+00:00","twitter_card":"summary_large_image","twitter_misc":{"Gesch\u00e4tzte Lesezeit":"3\u00a0Minuten"},"schema":{"@context":"https:\/\/schema.org","@graph":[{"@type":"WebPage","@id":"https:\/\/www.sbs-disentis-zurich.ch\/de\/schule\/","url":"https:\/\/www.sbs-disentis-zurich.ch\/de\/schule\/","name":"Schule - Swiss Boarding Schools Disentis &amp; Zurich","isPartOf":{"@id":"https:\/\/www.sbs-disentis-zurich.ch\/#website"},"datePublished":"2022-11-30T14:58:38+00:00","dateModified":"2024-11-19T12:20:30+00:00","breadcrumb":{"@id":"https:\/\/www.sbs-disentis-zurich.ch\/de\/schule\/#breadcrumb"},"inLanguage":"de","potentialAction":[{"@type":"ReadAction","target":["https:\/\/www.sbs-disentis-zurich.ch\/de\/schule\/"]}]},{"@type":"BreadcrumbList","@id":"https:\/\/www.sbs-disentis-zurich.ch\/de\/schule\/#breadcrumb","itemListElement":[{"@type":"ListItem","position":1,"name":"Home","item":"https:\/\/www.sbs-disentis-zurich.ch\/de\/"},{"@type":"ListItem","position":2,"name":"Schule"}]},{"@type":"WebSite","@id":"https:\/\/www.sbs-disentis-zurich.ch\/#website","url":"https:\/\/www.sbs-disentis-zurich.ch\/","name":"Swiss Boarding Schools Disentis & Zurich","description":"","publisher":{"@id":"https:\/\/www.sbs-disentis-zurich.ch\/#organization"},"potentialAction":[{"@type":"SearchAction","target":{"@type":"EntryPoint","urlTemplate":"https:\/\/www.sbs-disentis-zurich.ch\/?s={search_term_string}"},"query-input":{"@type":"PropertyValueSpecification","valueRequired":true,"valueName":"search_term_string"}}],"inLanguage":"de"},{"@type":"Organization","@id":"https:\/\/www.sbs-disentis-zurich.ch\/#organization","name":"Swiss Boarding Schools Disentis &; Zurich","url":"https:\/\/www.sbs-disentis-zurich.ch\/","logo":{"@type":"ImageObject","inLanguage":"de","@id":"https:\/\/www.sbs-disentis-zurich.ch\/#\/schema\/logo\/image\/","url":"https:\/\/www.sbs-disentis-zurich.ch\/wp-content\/uploads\/sbsdz-2x.png","contentUrl":"https:\/\/www.sbs-disentis-zurich.ch\/wp-content\/uploads\/sbsdz-2x.png","width":520,"height":112,"caption":"Swiss Boarding Schools Disentis &; Zurich"},"image":{"@id":"https:\/\/www.sbs-disentis-zurich.ch\/#\/schema\/logo\/image\/"}}]}},"_links":{"self":[{"href":"https:\/\/www.sbs-disentis-zurich.ch\/de\/wp-json\/wp\/v2\/pages\/112","targetHints":{"allow":["GET"]}}],"collection":[{"href":"https:\/\/www.sbs-disentis-zurich.ch\/de\/wp-json\/wp\/v2\/pages"}],"about":[{"href":"https:\/\/www.sbs-disentis-zurich.ch\/de\/wp-json\/wp\/v2\/types\/page"}],"author":[{"embeddable":true,"href":"https:\/\/www.sbs-disentis-zurich.ch\/de\/wp-json\/wp\/v2\/users\/1"}],"replies":[{"embeddable":true,"href":"https:\/\/www.sbs-disentis-zurich.ch\/de\/wp-json\/wp\/v2\/comments?post=112"}],"version-history":[{"count":25,"href":"https:\/\/www.sbs-disentis-zurich.ch\/de\/wp-json\/wp\/v2\/pages\/112\/revisions"}],"predecessor-version":[{"id":2927,"href":"https:\/\/www.sbs-disentis-zurich.ch\/de\/wp-json\/wp\/v2\/pages\/112\/revisions\/2927"}],"wp:attachment":[{"href":"https:\/\/www.sbs-disentis-zurich.ch\/de\/wp-json\/wp\/v2\/media?parent=112"}],"curies":[{"name":"wp","href":"https:\/\/api.w.org\/{rel}","templated":true}]}}