{"id":1579,"date":"2023-04-25T09:40:52","date_gmt":"2023-04-25T08:40:52","guid":{"rendered":"https:\/\/www.sbs-disentis-zurich.ch\/?page_id=1579"},"modified":"2025-09-26T07:46:10","modified_gmt":"2025-09-26T06:46:10","slug":"summer-camps","status":"publish","type":"page","link":"https:\/\/www.sbs-disentis-zurich.ch\/de\/summer-camps\/","title":{"rendered":"Summer Camps"},"content":{"rendered":"<div class=\"fusion-fullwidth fullwidth-box fusion-builder-row-1 fusion-flex-container nonhundred-percent-fullwidth non-hundred-percent-height-scrolling\" style=\"--awb-border-radius-top-left:0px;--awb-border-radius-top-right:0px;--awb-border-radius-bottom-right:0px;--awb-border-radius-bottom-left:0px;--awb-flex-wrap:wrap;\" ><div class=\"fusion-builder-row fusion-row fusion-flex-align-items-flex-start fusion-flex-content-wrap\" style=\"max-width:calc( 1200px + 20px );margin-left: calc(-20px \/ 2 );margin-right: calc(-20px \/ 2 );\"><div class=\"fusion-layout-column fusion_builder_column fusion-builder-column-0 fusion_builder_column_1_1 1_1 fusion-flex-column\" style=\"--awb-bg-size:cover;--awb-width-large:100%;--awb-margin-top-large:0px;--awb-spacing-right-large:10px;--awb-margin-bottom-large:0px;--awb-spacing-left-large:10px;--awb-width-medium:100%;--awb-spacing-right-medium:10px;--awb-spacing-left-medium:10px;--awb-width-small:100%;--awb-spacing-right-small:10px;--awb-spacing-left-small:10px;\"><div class=\"fusion-column-wrapper fusion-flex-justify-content-flex-start fusion-content-layout-column\"><div class=\"fusion-title title fusion-title-1 fusion-sep-none fusion-title-text fusion-title-size-one\"><h1 class=\"fusion-title-heading title-heading-left fusion-responsive-typography-calculated\" style=\"margin:0;--fontSize:36;line-height:var(--awb-typography1-line-height);\"><p class=\"p1\">SUMMERCAMP: DIE SCHWEIZ IN ALLEN FACETTEN KENNENLERNEN<\/p><\/h1><\/div><\/div><\/div><div class=\"fusion-layout-column fusion_builder_column fusion-builder-column-1 fusion_builder_column_3_5 3_5 fusion-flex-column\" style=\"--awb-bg-size:cover;--awb-width-large:60%;--awb-margin-top-large:0px;--awb-spacing-right-large:calc( 0.044444444444444 * calc( 100% - 20px ) );--awb-margin-bottom-large:0px;--awb-spacing-left-large:10px;--awb-width-medium:60%;--awb-spacing-right-medium:calc( 0.044444444444444 * calc( 100% - 20px ) );--awb-spacing-left-medium:10px;--awb-width-small:100%;--awb-spacing-right-small:10px;--awb-spacing-left-small:10px;\"><div class=\"fusion-column-wrapper fusion-flex-justify-content-flex-start fusion-content-layout-column\"><div class=\"fusion-text fusion-text-1\"><p class=\"p1\">Berge, Stadt, Fl\u00fcsse und Seen \u2013 die Swiss Boarding Schools Disentis &amp; Zurich haben w\u00e4hrend der Sommerferien Jugendlichen aus aller Welt zwischen 13 und 15 Jahren vieles zu bieten. Unsere Feriencamps dauern jeweils zwei Wochen, wovon eine Woche in Disentis und eine in Winterthur stattfindet.<\/p>\n<p class=\"p1\">Die Jugendlichen erhalten eine Tagesstruktur, die gen\u00fcgend Freiraum l\u00e4sst, um eigenen Interessen nachzugehen und Zeit mit Gleichgesinnten zu verbringen.<\/p>\n<p class=\"p1\">Jeweils vormittags gibt es Sprachlektionen in Deutsch oder Englisch, nachmittags bieten wir verschiedene Aktivit\u00e4ten und Ausfl\u00fcge an.<\/p>\n<p class=\"p1\">In den Bergen stehen beispielsweise im Sommer Wandern, Mountainbiken und Klettern auf dem Programm. Die B\u00fcndner Alpen bieten Abwechslung, Fun und Action.<\/p>\n<p class=\"p1\">In der Stadt gibt es Sport in allen Facetten: u.a. Fussball, Handball, Unihockey, Mountain-\/Crosscountrybiken. Dazu kommt ein breites Angebot an Kunst und Kultur.<\/p>\n<p class=\"p1\">Gewohnt wird in den Internaten der Swiss Boarding Schools Disentis &amp; Zurich, die Betreuung und alle Mahlzeiten sind im Preis inbegriffen.<\/p>\n<p>Die Anzahl der Teilnehmer pro Nationalit\u00e4t und Camp ist begrenzt, um eine wirklich vielf\u00e4ltige internationale Erfahrung zu erm\u00f6glichen.<\/p>\n<\/div><\/div><\/div><div class=\"fusion-layout-column fusion_builder_column fusion-builder-column-2 fusion_builder_column_2_5 2_5 fusion-flex-column\" style=\"--awb-padding-top:30px;--awb-padding-right:30px;--awb-padding-bottom:30px;--awb-padding-left:30px;--awb-bg-color:var(--awb-custom_color_4);--awb-bg-color-hover:var(--awb-custom_color_4);--awb-bg-size:cover;--awb-width-large:40%;--awb-margin-top-large:0px;--awb-spacing-right-large:10px;--awb-margin-bottom-large:20px;--awb-spacing-left-large:10px;--awb-width-medium:40%;--awb-order-medium:0;--awb-spacing-right-medium:10px;--awb-spacing-left-medium:10px;--awb-width-small:100%;--awb-order-small:0;--awb-spacing-right-small:10px;--awb-spacing-left-small:10px;\"><div class=\"fusion-column-wrapper fusion-column-has-shadow fusion-flex-justify-content-flex-start fusion-content-layout-column\"><div class=\"fusion-title title fusion-title-2 fusion-sep-none fusion-title-text fusion-title-size-three\" style=\"--awb-margin-top:0px;--awb-margin-bottom:0px;--awb-margin-bottom-small:0px;\"><h3 class=\"fusion-title-heading title-heading-left fusion-responsive-typography-calculated\" style=\"margin:0;--fontSize:18;--minFontSize:18;line-height:var(--awb-typography1-line-height);\">N\u00e4chstes Sommer Camp<\/h3><\/div><div class=\"fusion-text fusion-text-2\"><p>6 Tage im Mountain Campus<br \/>\n+ 6 Tage im City Campus<br \/>\nCamp: 13.07.2026 \u2013 24.07.2026<\/p>\n<\/div><div class=\"fusion-title title fusion-title-3 fusion-sep-none fusion-title-text fusion-title-size-three\" style=\"--awb-margin-bottom:0px;--awb-margin-bottom-small:0px;\"><h3 class=\"fusion-title-heading title-heading-left fusion-responsive-typography-calculated\" style=\"margin:0;--fontSize:18;--minFontSize:18;line-height:var(--awb-typography1-line-height);\">Programm<\/h3><\/div><div class=\"fusion-text fusion-text-3 fusion-text-no-margin\" style=\"--awb-margin-bottom:0px;\"><p>Einzigartige Kombination aus<\/p>\n<\/div><ul style=\"--awb-item-padding-top:0.25em;--awb-item-padding-bottom:0.25em;--awb-iconcolor:var(--awb-custom_color_1);--awb-line-height:27.2px;--awb-icon-width:27.2px;--awb-icon-height:27.2px;--awb-icon-margin:11.2px;--awb-content-margin:38.4px;\" class=\"fusion-checklist fusion-checklist-1 type-icons\"><li class=\"fusion-li-item\" style=\"\"><span class=\"icon-wrapper circle-no\"><i class=\"fusion-li-icon fa-caret-right fas\" aria-hidden=\"true\"><\/i><\/span><div class=\"fusion-li-item-content\">Deutsch oder Englisch lernen,<\/div><\/li><li class=\"fusion-li-item\" style=\"\"><span class=\"icon-wrapper circle-no\"><i class=\"fusion-li-icon fa-caret-right fas\" aria-hidden=\"true\"><\/i><\/span><div class=\"fusion-li-item-content\">Verschiedenen Sportarten (draussen und drinnen),<\/div><\/li><li class=\"fusion-li-item\" style=\"\"><span class=\"icon-wrapper circle-no\"><i class=\"fusion-li-icon fa-caret-right fas\" aria-hidden=\"true\"><\/i><\/span><div class=\"fusion-li-item-content\">kulturellen Aktivit\u00e4ten,<\/div><\/li><li class=\"fusion-li-item\" style=\"\"><span class=\"icon-wrapper circle-no\"><i class=\"fusion-li-icon fa-caret-right fas\" aria-hidden=\"true\"><\/i><\/span><div class=\"fusion-li-item-content\">Naturwissenschaften ausserhalb des Schulzimmers erleben und<\/div><\/li><li class=\"fusion-li-item\" style=\"\"><span class=\"icon-wrapper circle-no\"><i class=\"fusion-li-icon fa-caret-right fas\" aria-hidden=\"true\"><\/i><\/span><div class=\"fusion-li-item-content\">Spass in einer kleinen, internationalen Gruppe haben.<\/div><\/li><\/ul><div ><a class=\"fusion-button button-flat fusion-button-default-size button-default fusion-button-default button-1 fusion-button-default-span fusion-button-default-type\" style=\"--button_margin-top:10px;--button_margin-bottom:10px;\" target=\"_blank\" rel=\"noopener noreferrer\" href=\"https:\/\/www.sbs-disentis-zurich.ch\/wp-content\/uploads\/23_09_2025_Factsheet_Holiday_Camps_Summer_EN_WEB.pdf\"><i class=\"fa-caret-right fas button-icon-left\" aria-hidden=\"true\"><\/i><span class=\"fusion-button-text\">Infos 2026<\/span><\/a><\/div><div class=\"fusion-text fusion-text-4 fusion-text-no-margin\" style=\"--awb-margin-top:10px;--awb-margin-bottom:10px;\"><p>M\u00f6chten Sie mehr Informationen? Bitte kontaktieren Sie uns per <a href=\"mailto:admission@sbsdz.ch\">Mail<\/a> oder telefonisch.<\/p>\n<\/div><div class=\"fusion-title title fusion-title-4 fusion-sep-none fusion-title-text fusion-title-size-three\" style=\"--awb-margin-bottom:0px;--awb-margin-bottom-small:0px;\"><h3 class=\"fusion-title-heading title-heading-left fusion-responsive-typography-calculated\" style=\"margin:0;--fontSize:18;--minFontSize:18;line-height:var(--awb-typography1-line-height);\">Anmeldung<\/h3><\/div><div class=\"fusion-text fusion-text-5 fusion-text-no-margin\" style=\"--awb-margin-bottom:10px;\"><p>Die Platzzahl ist beschr\u00e4nkt, Anmeldungen warden in der Reihenfolge ihres Eingangs ber\u00fccksichtigt.<\/p>\n<\/div><div ><a class=\"fusion-button button-flat fusion-button-default-size button-default fusion-button-default button-2 fusion-button-default-span fusion-button-default-type\" target=\"_blank\" rel=\"noopener noreferrer\" href=\"https:\/\/www.sbs-disentis-zurich.ch\/wp-content\/uploads\/22_08_2024_Anmeldung_Holiday_Camp_Summer_DE.pdf\"><i class=\"fa-caret-right fas button-icon-left\" aria-hidden=\"true\"><\/i><span class=\"fusion-button-text\">Anmeldung<\/span><\/a><\/div><\/div><\/div><\/div><\/div>\n","protected":false},"excerpt":{"rendered":"","protected":false},"author":2,"featured_media":0,"parent":0,"menu_order":0,"comment_status":"closed","ping_status":"closed","template":"100-width.php","meta":{"_acf_changed":false,"footnotes":""},"class_list":["post-1579","page","type-page","status-publish","hentry"],"acf":[],"yoast_head":"<!-- This site is optimized with the Yoast SEO plugin v23.7 - https:\/\/yoast.com\/wordpress\/plugins\/seo\/ -->\n<title>Summer Camps - Swiss Boarding Schools Disentis &amp; Zurich<\/title>\n<meta name=\"robots\" content=\"index, follow, max-snippet:-1, max-image-preview:large, max-video-preview:-1\" \/>\n<link rel=\"canonical\" href=\"https:\/\/www.sbs-disentis-zurich.ch\/de\/summer-camps\/\" \/>\n<meta property=\"og:locale\" content=\"de_DE\" \/>\n<meta property=\"og:type\" content=\"article\" \/>\n<meta property=\"og:title\" content=\"Summer Camps - Swiss Boarding Schools Disentis &amp; Zurich\" \/>\n<meta property=\"og:url\" content=\"https:\/\/www.sbs-disentis-zurich.ch\/de\/summer-camps\/\" \/>\n<meta property=\"og:site_name\" content=\"Swiss Boarding Schools Disentis &amp; Zurich\" \/>\n<meta property=\"article:modified_time\" content=\"2025-09-26T06:46:10+00:00\" \/>\n<meta name=\"twitter:card\" content=\"summary_large_image\" \/>\n<meta name=\"twitter:label1\" content=\"Gesch\u00e4tzte Lesezeit\" \/>\n\t<meta name=\"twitter:data1\" content=\"2\u00a0Minuten\" \/>\n<script type=\"application\/ld+json\" class=\"yoast-schema-graph\">{\"@context\":\"https:\/\/schema.org\",\"@graph\":[{\"@type\":\"WebPage\",\"@id\":\"https:\/\/www.sbs-disentis-zurich.ch\/de\/summer-camps\/\",\"url\":\"https:\/\/www.sbs-disentis-zurich.ch\/de\/summer-camps\/\",\"name\":\"Summer Camps - Swiss Boarding Schools Disentis &amp; Zurich\",\"isPartOf\":{\"@id\":\"https:\/\/www.sbs-disentis-zurich.ch\/#website\"},\"datePublished\":\"2023-04-25T08:40:52+00:00\",\"dateModified\":\"2025-09-26T06:46:10+00:00\",\"breadcrumb\":{\"@id\":\"https:\/\/www.sbs-disentis-zurich.ch\/de\/summer-camps\/#breadcrumb\"},\"inLanguage\":\"de\",\"potentialAction\":[{\"@type\":\"ReadAction\",\"target\":[\"https:\/\/www.sbs-disentis-zurich.ch\/de\/summer-camps\/\"]}]},{\"@type\":\"BreadcrumbList\",\"@id\":\"https:\/\/www.sbs-disentis-zurich.ch\/de\/summer-camps\/#breadcrumb\",\"itemListElement\":[{\"@type\":\"ListItem\",\"position\":1,\"name\":\"Home\",\"item\":\"https:\/\/www.sbs-disentis-zurich.ch\/de\/\"},{\"@type\":\"ListItem\",\"position\":2,\"name\":\"Summer Camps\"}]},{\"@type\":\"WebSite\",\"@id\":\"https:\/\/www.sbs-disentis-zurich.ch\/#website\",\"url\":\"https:\/\/www.sbs-disentis-zurich.ch\/\",\"name\":\"Swiss Boarding Schools Disentis & Zurich\",\"description\":\"\",\"publisher\":{\"@id\":\"https:\/\/www.sbs-disentis-zurich.ch\/#organization\"},\"potentialAction\":[{\"@type\":\"SearchAction\",\"target\":{\"@type\":\"EntryPoint\",\"urlTemplate\":\"https:\/\/www.sbs-disentis-zurich.ch\/?s={search_term_string}\"},\"query-input\":{\"@type\":\"PropertyValueSpecification\",\"valueRequired\":true,\"valueName\":\"search_term_string\"}}],\"inLanguage\":\"de\"},{\"@type\":\"Organization\",\"@id\":\"https:\/\/www.sbs-disentis-zurich.ch\/#organization\",\"name\":\"Swiss Boarding Schools Disentis &; Zurich\",\"url\":\"https:\/\/www.sbs-disentis-zurich.ch\/\",\"logo\":{\"@type\":\"ImageObject\",\"inLanguage\":\"de\",\"@id\":\"https:\/\/www.sbs-disentis-zurich.ch\/#\/schema\/logo\/image\/\",\"url\":\"https:\/\/www.sbs-disentis-zurich.ch\/wp-content\/uploads\/sbsdz-2x.png\",\"contentUrl\":\"https:\/\/www.sbs-disentis-zurich.ch\/wp-content\/uploads\/sbsdz-2x.png\",\"width\":520,\"height\":112,\"caption\":\"Swiss Boarding Schools Disentis &; Zurich\"},\"image\":{\"@id\":\"https:\/\/www.sbs-disentis-zurich.ch\/#\/schema\/logo\/image\/\"}}]}<\/script>\n<!-- \/ Yoast SEO plugin. -->","yoast_head_json":{"title":"Summer Camps - Swiss Boarding Schools Disentis &amp; Zurich","robots":{"index":"index","follow":"follow","max-snippet":"max-snippet:-1","max-image-preview":"max-image-preview:large","max-video-preview":"max-video-preview:-1"},"canonical":"https:\/\/www.sbs-disentis-zurich.ch\/de\/summer-camps\/","og_locale":"de_DE","og_type":"article","og_title":"Summer Camps - Swiss Boarding Schools Disentis &amp; Zurich","og_url":"https:\/\/www.sbs-disentis-zurich.ch\/de\/summer-camps\/","og_site_name":"Swiss Boarding Schools Disentis &amp; Zurich","article_modified_time":"2025-09-26T06:46:10+00:00","twitter_card":"summary_large_image","twitter_misc":{"Gesch\u00e4tzte Lesezeit":"2\u00a0Minuten"},"schema":{"@context":"https:\/\/schema.org","@graph":[{"@type":"WebPage","@id":"https:\/\/www.sbs-disentis-zurich.ch\/de\/summer-camps\/","url":"https:\/\/www.sbs-disentis-zurich.ch\/de\/summer-camps\/","name":"Summer Camps - Swiss Boarding Schools Disentis &amp; Zurich","isPartOf":{"@id":"https:\/\/www.sbs-disentis-zurich.ch\/#website"},"datePublished":"2023-04-25T08:40:52+00:00","dateModified":"2025-09-26T06:46:10+00:00","breadcrumb":{"@id":"https:\/\/www.sbs-disentis-zurich.ch\/de\/summer-camps\/#breadcrumb"},"inLanguage":"de","potentialAction":[{"@type":"ReadAction","target":["https:\/\/www.sbs-disentis-zurich.ch\/de\/summer-camps\/"]}]},{"@type":"BreadcrumbList","@id":"https:\/\/www.sbs-disentis-zurich.ch\/de\/summer-camps\/#breadcrumb","itemListElement":[{"@type":"ListItem","position":1,"name":"Home","item":"https:\/\/www.sbs-disentis-zurich.ch\/de\/"},{"@type":"ListItem","position":2,"name":"Summer Camps"}]},{"@type":"WebSite","@id":"https:\/\/www.sbs-disentis-zurich.ch\/#website","url":"https:\/\/www.sbs-disentis-zurich.ch\/","name":"Swiss Boarding Schools Disentis & Zurich","description":"","publisher":{"@id":"https:\/\/www.sbs-disentis-zurich.ch\/#organization"},"potentialAction":[{"@type":"SearchAction","target":{"@type":"EntryPoint","urlTemplate":"https:\/\/www.sbs-disentis-zurich.ch\/?s={search_term_string}"},"query-input":{"@type":"PropertyValueSpecification","valueRequired":true,"valueName":"search_term_string"}}],"inLanguage":"de"},{"@type":"Organization","@id":"https:\/\/www.sbs-disentis-zurich.ch\/#organization","name":"Swiss Boarding Schools Disentis &; Zurich","url":"https:\/\/www.sbs-disentis-zurich.ch\/","logo":{"@type":"ImageObject","inLanguage":"de","@id":"https:\/\/www.sbs-disentis-zurich.ch\/#\/schema\/logo\/image\/","url":"https:\/\/www.sbs-disentis-zurich.ch\/wp-content\/uploads\/sbsdz-2x.png","contentUrl":"https:\/\/www.sbs-disentis-zurich.ch\/wp-content\/uploads\/sbsdz-2x.png","width":520,"height":112,"caption":"Swiss Boarding Schools Disentis &; Zurich"},"image":{"@id":"https:\/\/www.sbs-disentis-zurich.ch\/#\/schema\/logo\/image\/"}}]}},"_links":{"self":[{"href":"https:\/\/www.sbs-disentis-zurich.ch\/de\/wp-json\/wp\/v2\/pages\/1579","targetHints":{"allow":["GET"]}}],"collection":[{"href":"https:\/\/www.sbs-disentis-zurich.ch\/de\/wp-json\/wp\/v2\/pages"}],"about":[{"href":"https:\/\/www.sbs-disentis-zurich.ch\/de\/wp-json\/wp\/v2\/types\/page"}],"author":[{"embeddable":true,"href":"https:\/\/www.sbs-disentis-zurich.ch\/de\/wp-json\/wp\/v2\/users\/2"}],"replies":[{"embeddable":true,"href":"https:\/\/www.sbs-disentis-zurich.ch\/de\/wp-json\/wp\/v2\/comments?post=1579"}],"version-history":[{"count":16,"href":"https:\/\/www.sbs-disentis-zurich.ch\/de\/wp-json\/wp\/v2\/pages\/1579\/revisions"}],"predecessor-version":[{"id":3201,"href":"https:\/\/www.sbs-disentis-zurich.ch\/de\/wp-json\/wp\/v2\/pages\/1579\/revisions\/3201"}],"wp:attachment":[{"href":"https:\/\/www.sbs-disentis-zurich.ch\/de\/wp-json\/wp\/v2\/media?parent=1579"}],"curies":[{"name":"wp","href":"https:\/\/api.w.org\/{rel}","templated":true}]}}